{"id":2047,"date":"2022-11-02T13:51:37","date_gmt":"2022-11-02T13:51:37","guid":{"rendered":"http:\/\/caricafellc.com\/other-origins\/"},"modified":"2023-03-29T23:03:07","modified_gmt":"2023-03-29T23:03:07","slug":"other-origins","status":"publish","type":"page","link":"https:\/\/caricafellc.com\/de\/other-origins\/","title":{"rendered":"Andere Urspr\u00fcnge"},"content":{"rendered":"<p>[vc_row css=&#8221;.vc_custom_1673401101102{margin-top: 150px !important;}&#8221;][vc_column][vc_custom_heading text=&#8221;ANDERE HERKUNFT&#8221; font_container=&#8221;tag:h3|text_align:center&#8221; google_fonts=&#8221;font_family:Cuprum%3Aregular%2Citalic%2C700%2C700italic|font_style:700%20bold%20regular%3A700%3Anormal&#8221;][vc_column_text]<\/p>\n<p style=\"text-align: center;\"><span style=\"font-size: 14pt;\">Die Pr\u00e4senz von Caricafe in Peru hat im Laufe der Jahre unsere Reichweite auf dem Markt f\u00fcr hochwertigen Kaffee erh\u00f6ht, und zusammen mit Top-Lieferanten ist es unser Ziel, unser wettbewerbsf\u00e4higes Gesch\u00e4ftsmodell zu st\u00e4rken.<\/span><\/p>\n<p>[\/vc_column_text][\/vc_column][\/vc_row][vc_row][vc_column][vc_tta_tabs color=&#8221;vista-blue&#8221; active_section=&#8221;1&#8243;][vc_tta_section title=&#8221;Amazonas&#8221; tab_id=&#8221;1671032495828-a839c704-0051&#8243;][vc_row_inner][vc_column_inner width=&#8221;5\/6&#8243;][vc_column_text]<\/p>\n<p style=\"text-align: justify;\">Der Amazonas befindet sich im Nordosten des Landes. Sie grenzt im Norden an die Republik Ecuador, im Osten an Loreto und San Mart\u00edn, im S\u00fcden an La Libertad und im Westen an Cajamarca. Politisch ist die Region in sieben Provinzen unterteilt. Seine Hauptstadt ist die Stadt Chachapoyas. Kaffee w\u00e4chst in allen sieben Provinzen. Der Amazonas hat zwei Naturregionen: Berge und Dschungel. Letzteres ist die Heimat der Kaffeeanbaugebiete, die zwischen 900 und 2100 Metern \u00fcber dem Meeresspiegel liegen. Das Klima ist warm und gem\u00e4\u00dfigt in den T\u00e4lern und warm in den Schluchten. Das Gebiet wird von S\u00fcden nach Norden von den westlichen Anden durchzogen und ist relativ zerkl\u00fcftet.<\/p>\n<p>[\/vc_column_text][\/vc_column_inner][vc_column_inner width=&#8221;1\/6&#8243;][\/vc_column_inner][\/vc_row_inner][vc_row_inner][vc_column_inner width=&#8221;1\/2&#8243;][vc_text_separator title=&#8221;Standort: Norden&#8221; i_icon_fontawesome=&#8221;fas fa-map-marker-alt&#8221; i_color=&#8221;mulled_wine&#8221; i_size=&#8221;xs&#8221; title_align=&#8221;separator_align_left&#8221; align=&#8221;align_left&#8221; color=&#8221;white&#8221; add_icon=&#8221;true&#8221; css=&#8221;.vc_custom_1679990802305{margin-bottom: -100px !important;}&#8221;][vc_text_separator title=&#8221;Anbaufl\u00e4che (Has): 53285&#8243; i_icon_fontawesome=&#8221;fas fa-tractor&#8221; i_color=&#8221;mulled_wine&#8221; i_size=&#8221;xs&#8221; title_align=&#8221;separator_align_left&#8221; align=&#8221;align_left&#8221; color=&#8221;white&#8221; add_icon=&#8221;true&#8221;][vc_text_separator title=&#8221;Produktion (MT): 34 966&#8243; i_icon_fontawesome=&#8221;fas fa-chart-line&#8221; i_size=&#8221;xs&#8221; title_align=&#8221;separator_align_left&#8221; align=&#8221;align_left&#8221; color=&#8221;white&#8221; add_icon=&#8221;true&#8221;][vc_text_separator title=&#8221;Sorten:Caturra, typica und catimor&#8221; i_icon_fontawesome=&#8221;fas fa-seedling&#8221; i_color=&#8221;vista_blue&#8221; i_size=&#8221;xs&#8221; title_align=&#8221;separator_align_left&#8221; align=&#8221;align_left&#8221; color=&#8221;white&#8221; add_icon=&#8221;true&#8221; css=&#8221;.vc_custom_1671088577797{margin-bottom: -100px !important;}&#8221;][vc_text_separator title=&#8221;H\u00f6henlage (m.s.n.m.):550-2100&#8243; i_icon_fontawesome=&#8221;fas fa-mountain&#8221; i_color=&#8221;green&#8221; i_size=&#8221;xs&#8221; title_align=&#8221;separator_align_left&#8221; align=&#8221;align_left&#8221; color=&#8221;white&#8221; add_icon=&#8221;true&#8221;][vc_text_separator title=&#8221;Haupternte: M\u00e4rz-Augus&#8221; i_icon_fontawesome=&#8221;fas fa-mountain&#8221; i_size=&#8221;xs&#8221; title_align=&#8221;separator_align_left&#8221; align=&#8221;align_left&#8221; color=&#8221;white&#8221; add_icon=&#8221;true&#8221;][\/vc_column_inner][vc_column_inner width=&#8221;1\/6&#8243; css=&#8221;.vc_custom_1671039583393{margin-left: 200px !important;}&#8221;][\/vc_column_inner][vc_column_inner width=&#8221;1\/3&#8243;][vc_single_image image=&#8221;1727&#8243; img_size=&#8221;large&#8221; alignment=&#8221;center&#8221; css=&#8221;.vc_custom_1671037389675{margin-left: -300px !important;}&#8221;][\/vc_column_inner][\/vc_row_inner][\/vc_tta_section][vc_tta_section title=&#8221;Puno&#8221; tab_id=&#8221;1671088977738-e9d14b74-bf4b&#8221;][vc_row_inner][vc_column_inner width=&#8221;5\/6&#8243;][vc_column_text]<\/p>\n<p style=\"text-align: justify;\">Puno befindet sich im \u00e4u\u00dfersten S\u00fcdosten des Landes. Sie grenzt im Norden an Madre de Dios, im Osten an die Republik Bolivien, im S\u00fcden an Tacna und Bolivien und im Westen an Moquegua, Arequipa und Cusco. Politisch ist die Region in dreizehn Provinzen unterteilt. Seine Hauptstadt ist die Stadt Puno. Der Kaffee wird fast ausschlie\u00dflich in der Provinz Sandia angebaut. Puno hat zwei nat\u00fcrliche Regionen: Berge und Dschungel. Letzteres ist die Heimat der Kaffeeanbaugebiete, wo die H\u00f6henlage zwischen 900 und 1800 Metern liegt. Das Klima ist in den T\u00e4lern gem\u00e4\u00dfigt und in den Schluchten warm. Aufgrund der unterschiedlichen H\u00f6henlagen weist es eine abwechslungsreiche Geografie und kulturelle Vielfalt auf.<\/p>\n<p>[\/vc_column_text][\/vc_column_inner][vc_column_inner width=&#8221;1\/6&#8243;][\/vc_column_inner][\/vc_row_inner][vc_row_inner][vc_column_inner width=&#8221;1\/2&#8243;][vc_text_separator title=&#8221;Standort: S\u00fcdost&#8221; i_icon_fontawesome=&#8221;fas fa-map-marker-alt&#8221; i_color=&#8221;mulled_wine&#8221; i_size=&#8221;xs&#8221; title_align=&#8221;separator_align_left&#8221; align=&#8221;align_left&#8221; color=&#8221;white&#8221; add_icon=&#8221;true&#8221; css=&#8221;.vc_custom_1680130980963{margin-bottom: -100px !important;}&#8221;][vc_text_separator title=&#8221;Anbaufl\u00e4che (Has): 10 858&#8243; i_icon_fontawesome=&#8221;fas fa-tractor&#8221; i_color=&#8221;mulled_wine&#8221; i_size=&#8221;xs&#8221; title_align=&#8221;separator_align_left&#8221; align=&#8221;align_left&#8221; color=&#8221;white&#8221; add_icon=&#8221;true&#8221;][vc_text_separator title=&#8221;Produktion (MT): 6940&#8243; i_icon_fontawesome=&#8221;fas fa-chart-line&#8221; i_size=&#8221;xs&#8221; title_align=&#8221;separator_align_left&#8221; align=&#8221;align_left&#8221; color=&#8221;white&#8221; add_icon=&#8221;true&#8221;][vc_text_separator title=&#8221;Sorten: Caturra, Bourbon und Typica&#8221; i_icon_fontawesome=&#8221;fas fa-seedling&#8221; i_color=&#8221;vista_blue&#8221; i_size=&#8221;xs&#8221; title_align=&#8221;separator_align_left&#8221; align=&#8221;align_left&#8221; color=&#8221;white&#8221; add_icon=&#8221;true&#8221; css=&#8221;.vc_custom_1671258888540{margin-bottom: -100px !important;}&#8221;][vc_text_separator title=&#8221;H\u00f6henlage (m.s.n.m):1200-1800&#8243; i_icon_fontawesome=&#8221;fas fa-mountain&#8221; i_color=&#8221;green&#8221; i_size=&#8221;xs&#8221; title_align=&#8221;separator_align_left&#8221; align=&#8221;align_left&#8221; color=&#8221;white&#8221; add_icon=&#8221;true&#8221;][vc_text_separator title=&#8221;Haupternte: April-August&#8221; i_icon_fontawesome=&#8221;fas fa-mountain&#8221; i_size=&#8221;xs&#8221; title_align=&#8221;separator_align_left&#8221; align=&#8221;align_left&#8221; color=&#8221;white&#8221; add_icon=&#8221;true&#8221;][\/vc_column_inner][vc_column_inner width=&#8221;1\/6&#8243; css=&#8221;.vc_custom_1671039583393{margin-left: 200px !important;}&#8221;][\/vc_column_inner][vc_column_inner width=&#8221;1\/3&#8243;][vc_single_image image=&#8221;1992&#8243; img_size=&#8221;large&#8221; alignment=&#8221;center&#8221; css=&#8221;.vc_custom_1680107595384{margin-left: -300px !important;}&#8221;][\/vc_column_inner][\/vc_row_inner][\/vc_tta_section][vc_tta_section title=&#8221;Cajamarca&#8221; tab_id=&#8221;1671088669479-087b6412-6414&#8243;][vc_row_inner][vc_column_inner width=&#8221;5\/6&#8243;][vc_column_text]<\/p>\n<p style=\"text-align: justify;\">Cajamarca befindet sich im Norden des Landes. Es grenzt im Norden an die Republik Ecuador, im Osten an den Amazonas, im S\u00fcden an La Libertad und im Westen an Lambayeque und Piura. Politisch ist die Region in dreizehn Provinzen unterteilt. Seine Hauptstadt ist die Stadt Cajamarca. Sein Kaffee w\u00e4chst fast ausschlie\u00dflich in den Provinzen Ja\u00e9n und San Ignacio. Cajamarca besteht aus zwei Naturregionen: Berge und Dschungel. Hier befinden sich die Kaffeeanbaugebiete, die zwischen 900 und 1950 m hoch liegen. Das Gebiet wird von S\u00fcden nach Norden von den westlichen Anden durchzogen und ist relativ zerkl\u00fcftet.<\/p>\n<p>[\/vc_column_text][\/vc_column_inner][vc_column_inner width=&#8221;1\/6&#8243;][\/vc_column_inner][\/vc_row_inner][vc_row_inner][vc_column_inner width=&#8221;1\/2&#8243;][vc_text_separator title=&#8221;Standort: Norden&#8221; i_icon_fontawesome=&#8221;fas fa-map-marker-alt&#8221; i_color=&#8221;mulled_wine&#8221; i_size=&#8221;xs&#8221; title_align=&#8221;separator_align_left&#8221; align=&#8221;align_left&#8221; color=&#8221;white&#8221; add_icon=&#8221;true&#8221; css=&#8221;.vc_custom_1679990892917{margin-bottom: -100px !important;}&#8221;][vc_text_separator title=&#8221;Anbaufl\u00e4chen (Has):53 038&#8243; i_icon_fontawesome=&#8221;fas fa-tractor&#8221; i_color=&#8221;mulled_wine&#8221; i_size=&#8221;xs&#8221; title_align=&#8221;separator_align_left&#8221; align=&#8221;align_left&#8221; color=&#8221;white&#8221; add_icon=&#8221;true&#8221;][vc_text_separator title=&#8221;Produktion (MT): 48 182&#8243; i_icon_fontawesome=&#8221;fas fa-chart-line&#8221; i_size=&#8221;xs&#8221; title_align=&#8221;separator_align_left&#8221; align=&#8221;align_left&#8221; color=&#8221;white&#8221; add_icon=&#8221;true&#8221;][vc_text_separator title=&#8221;Sorten: Caturra, Typica und Bourbon.&#8221; i_icon_fontawesome=&#8221;fas fa-seedling&#8221; i_color=&#8221;vista_blue&#8221; i_size=&#8221;xs&#8221; title_align=&#8221;separator_align_left&#8221; align=&#8221;align_left&#8221; color=&#8221;white&#8221; add_icon=&#8221;true&#8221; css=&#8221;.vc_custom_1671258984301{margin-bottom: -100px !important;}&#8221;][vc_text_separator title=&#8221;H\u00f6henlage (m.s.n.m): 550-1950&#8243; i_icon_fontawesome=&#8221;fas fa-mountain&#8221; i_color=&#8221;green&#8221; i_size=&#8221;xs&#8221; title_align=&#8221;separator_align_left&#8221; align=&#8221;align_left&#8221; color=&#8221;white&#8221; add_icon=&#8221;true&#8221;][vc_text_separator title=&#8221;Haupternte: April-August&#8221; i_icon_fontawesome=&#8221;fas fa-mountain&#8221; i_size=&#8221;xs&#8221; title_align=&#8221;separator_align_left&#8221; align=&#8221;align_left&#8221; color=&#8221;white&#8221; add_icon=&#8221;true&#8221;][\/vc_column_inner][vc_column_inner width=&#8221;1\/6&#8243; css=&#8221;.vc_custom_1671039583393{margin-left: 200px !important;}&#8221;][\/vc_column_inner][vc_column_inner width=&#8221;1\/3&#8243;][vc_single_image image=&#8221;1964&#8243; img_size=&#8221;large&#8221; alignment=&#8221;center&#8221; css=&#8221;.vc_custom_1671258593791{margin-left: -300px !important;}&#8221;][\/vc_column_inner][\/vc_row_inner][\/vc_tta_section][vc_tta_section title=&#8221;Cusco&#8221; tab_id=&#8221;1671088844638-053d00a8-9bc0&#8243;][vc_row_inner][vc_column_inner width=&#8221;5\/6&#8243;][vc_column_text]<\/p>\n<p style=\"text-align: justify;\">Cusco befindet sich im S\u00fcdosten des Landes. Sie grenzt im Norden an Ucayali, im S\u00fcden an Arequipa und Puno, im Osten an Madre de Dios und Puno und im Westen an Arequipa, Apur\u00edmac und Ayacucho. Politisch ist die Region in dreizehn Provinzen unterteilt. Die Hauptstadt ist die Stadt Cusco. Der Kaffee wird fast ausschlie\u00dflich in der Provinz La Convenci\u00f3n angebaut. Cusco hat zwei nat\u00fcrliche Regionen: Berge und Dschungel. Letzteres ist die Heimat der Kaffeeanbaugebiete, wo die H\u00f6henlage zwischen 900 und 2000 Metern liegt. Das Klima ist in den T\u00e4lern gem\u00e4\u00dfigt und in den Schluchten warm. Aufgrund der unterschiedlichen H\u00f6henlagen verf\u00fcgt die Region \u00fcber eine gro\u00dfe Vielfalt an Klimazonen und phytogeografischen Landschaften.<\/p>\n<p>[\/vc_column_text][\/vc_column_inner][vc_column_inner width=&#8221;1\/6&#8243;][\/vc_column_inner][\/vc_row_inner][vc_row_inner][vc_column_inner width=&#8221;1\/2&#8243;][vc_text_separator title=&#8221;Standort: S\u00fcdost&#8221; i_icon_fontawesome=&#8221;fas fa-map-marker-alt&#8221; i_color=&#8221;mulled_wine&#8221; i_size=&#8221;xs&#8221; title_align=&#8221;separator_align_left&#8221; align=&#8221;align_left&#8221; color=&#8221;white&#8221; add_icon=&#8221;true&#8221; css=&#8221;.vc_custom_1679990963215{margin-bottom: -100px !important;}&#8221;][vc_text_separator title=&#8221;Anbaufl\u00e4che (Has): 53 850&#8243; i_icon_fontawesome=&#8221;fas fa-tractor&#8221; i_color=&#8221;mulled_wine&#8221; i_size=&#8221;xs&#8221; title_align=&#8221;separator_align_left&#8221; align=&#8221;align_left&#8221; color=&#8221;white&#8221; add_icon=&#8221;true&#8221;][vc_text_separator title=&#8221;Produktion (MT): 30 318&#8243; i_icon_fontawesome=&#8221;fas fa-chart-line&#8221; i_size=&#8221;xs&#8221; title_align=&#8221;separator_align_left&#8221; align=&#8221;align_left&#8221; color=&#8221;white&#8221; add_icon=&#8221;true&#8221;][vc_text_separator title=&#8221;Sorten: Typica, Caturra und Bourbon&#8221; i_icon_fontawesome=&#8221;fas fa-seedling&#8221; i_color=&#8221;vista_blue&#8221; i_size=&#8221;xs&#8221; title_align=&#8221;separator_align_left&#8221; align=&#8221;align_left&#8221; color=&#8221;white&#8221; add_icon=&#8221;true&#8221; css=&#8221;.vc_custom_1671259311303{margin-bottom: -100px !important;}&#8221;][vc_text_separator title=&#8221;H\u00f6henlage (m.s.n.m.):600-2000&#8243; i_icon_fontawesome=&#8221;fas fa-mountain&#8221; i_color=&#8221;green&#8221; i_size=&#8221;xs&#8221; title_align=&#8221;separator_align_left&#8221; align=&#8221;align_left&#8221; color=&#8221;white&#8221; add_icon=&#8221;true&#8221;][vc_text_separator title=&#8221;Haupternte: M\u00e4rz-September&#8221; i_icon_fontawesome=&#8221;fas fa-mountain&#8221; i_size=&#8221;xs&#8221; title_align=&#8221;separator_align_left&#8221; align=&#8221;align_left&#8221; color=&#8221;white&#8221; add_icon=&#8221;true&#8221;][\/vc_column_inner][vc_column_inner width=&#8221;1\/6&#8243; css=&#8221;.vc_custom_1671039583393{margin-left: 200px !important;}&#8221;][\/vc_column_inner][vc_column_inner width=&#8221;1\/3&#8243;][vc_single_image image=&#8221;1972&#8243; img_size=&#8221;large&#8221; alignment=&#8221;center&#8221; css=&#8221;.vc_custom_1671089464322{margin-left: -300px !important;}&#8221;][\/vc_column_inner][\/vc_row_inner][\/vc_tta_section][vc_tta_section title=&#8221;Huanuco&#8221; tab_id=&#8221;1671088850049-4aa10171-21b0&#8243;][vc_row_inner][vc_column_inner width=&#8221;5\/6&#8243;][vc_column_text]<\/p>\n<p style=\"text-align: justify;\">Hu\u00e1nuco befindet sich im zentralen Osten des Landes. Es grenzt im Norden an San Mart\u00edn, im S\u00fcden an Pasco, im Osten an Ucayali und im Westen an \u00c1ncash. Politisch ist die Region in elf Provinzen unterteilt. Seine Hauptstadt ist die Stadt Hu\u00e1nuco. Der Kaffee wird fast ausschlie\u00dflich in der Provinz Leoncio Prado angebaut, die sich in Tingo Mar\u00eda befindet. Hu\u00e1nuco hat zwei nat\u00fcrliche Regionen: Berge und Dschungel. Letzteres ist die Heimat der Kaffeeanbaugebiete, wo die H\u00f6henlage zwischen 900 und 2000 Metern liegt. In den T\u00e4lern und Schluchten herrscht ein warmes tropisches bis gem\u00e4\u00dfigtes Klima. In der Umgebung der Kaffeeanbaugebiete gibt es aufgrund der gro\u00dfen H\u00f6henunterschiede Landschaften mit W\u00e4ldern, Wasserf\u00e4llen, H\u00f6hlen und einer gro\u00dfen biologischen Vielfalt.<\/p>\n<p>[\/vc_column_text][\/vc_column_inner][vc_column_inner width=&#8221;1\/6&#8243;][\/vc_column_inner][\/vc_row_inner][vc_row_inner][vc_column_inner width=&#8221;1\/2&#8243;][vc_text_separator title=&#8221;Standort: Mitte&#8221; i_icon_fontawesome=&#8221;fas fa-map-marker-alt&#8221; i_color=&#8221;mulled_wine&#8221; i_size=&#8221;xs&#8221; title_align=&#8221;separator_align_left&#8221; align=&#8221;align_left&#8221; color=&#8221;white&#8221; add_icon=&#8221;true&#8221; css=&#8221;.vc_custom_1680103183968{margin-bottom: -100px !important;}&#8221;][vc_text_separator title=&#8221;Anbaufl\u00e4che (Has): 16 202&#8243; i_icon_fontawesome=&#8221;fas fa-tractor&#8221; i_color=&#8221;mulled_wine&#8221; i_size=&#8221;xs&#8221; title_align=&#8221;separator_align_left&#8221; align=&#8221;align_left&#8221; color=&#8221;white&#8221; add_icon=&#8221;true&#8221;][vc_text_separator title=&#8221;Produktion (MT): 7850&#8243; i_icon_fontawesome=&#8221;fas fa-chart-line&#8221; i_size=&#8221;xs&#8221; title_align=&#8221;separator_align_left&#8221; align=&#8221;align_left&#8221; color=&#8221;white&#8221; add_icon=&#8221;true&#8221;][vc_text_separator title=&#8221;Sorten:Caturra, typica und catimor&#8221; i_icon_fontawesome=&#8221;fas fa-seedling&#8221; i_color=&#8221;vista_blue&#8221; i_size=&#8221;xs&#8221; title_align=&#8221;separator_align_left&#8221; align=&#8221;align_left&#8221; color=&#8221;white&#8221; add_icon=&#8221;true&#8221; css=&#8221;.vc_custom_1671088577797{margin-bottom: -100px !important;}&#8221;][vc_text_separator title=&#8221;H\u00f6henlage (m.s.n.m.):700-2000&#8243; i_icon_fontawesome=&#8221;fas fa-mountain&#8221; i_color=&#8221;green&#8221; i_size=&#8221;xs&#8221; title_align=&#8221;separator_align_left&#8221; align=&#8221;align_left&#8221; color=&#8221;white&#8221; add_icon=&#8221;true&#8221;][vc_text_separator title=&#8221;Haupternte: M\u00e4rz-September&#8221; i_icon_fontawesome=&#8221;fas fa-mountain&#8221; i_size=&#8221;xs&#8221; title_align=&#8221;separator_align_left&#8221; align=&#8221;align_left&#8221; color=&#8221;white&#8221; add_icon=&#8221;true&#8221;][\/vc_column_inner][vc_column_inner width=&#8221;1\/6&#8243; css=&#8221;.vc_custom_1671039583393{margin-left: 200px !important;}&#8221;][\/vc_column_inner][vc_column_inner width=&#8221;1\/3&#8243;][vc_single_image image=&#8221;1976&#8243; img_size=&#8221;large&#8221; alignment=&#8221;center&#8221; css=&#8221;.vc_custom_1671089435610{margin-left: -300px !important;}&#8221;][\/vc_column_inner][\/vc_row_inner][\/vc_tta_section][vc_tta_section title=&#8221;Junin&#8221; tab_id=&#8221;1671088848608-777a548f-ade9&#8243;][vc_row_inner][vc_column_inner width=&#8221;5\/6&#8243;][vc_column_text]<\/p>\n<p style=\"text-align: justify;\">Jun\u00edn liegt im zentralen Teil des Landes. Sie grenzt im S\u00fcden an Huancavelica und Ayacucho, im Norden an Pasco und Ucayali, im Osten an Cusco und im Westen an Lima. Politisch ist die Region in neun Provinzen unterteilt. Die Hauptstadt ist Huancayo. Der Kaffee wird fast ausschlie\u00dflich in den Provinzen Chanchamayo und Satipo angebaut. Jun\u00edn hat zwei nat\u00fcrliche Regionen: Berge und Dschungel. Letzteres ist die Heimat der Kaffeeanbaugebiete, wo die H\u00f6henlage zwischen 900 und 1800 Metern liegt. Das Klima ist in den T\u00e4lern gem\u00e4\u00dfigt und in den Schluchten warm. Aufgrund der unterschiedlichen H\u00f6henlagen verf\u00fcgt die Region \u00fcber eine gro\u00dfe Vielfalt an Klimazonen und phytogeografischen Landschaften.<\/p>\n<p>[\/vc_column_text][\/vc_column_inner][vc_column_inner width=&#8221;1\/6&#8243;][\/vc_column_inner][\/vc_row_inner][vc_row_inner][vc_column_inner width=&#8221;1\/2&#8243;][vc_text_separator title=&#8221;Standort: Mitte&#8221; i_icon_fontawesome=&#8221;fas fa-map-marker-alt&#8221; i_color=&#8221;mulled_wine&#8221; i_size=&#8221;xs&#8221; title_align=&#8221;separator_align_left&#8221; align=&#8221;align_left&#8221; color=&#8221;white&#8221; add_icon=&#8221;true&#8221; css=&#8221;.vc_custom_1680130302097{margin-bottom: -100px !important;}&#8221;][vc_text_separator title=&#8221;Anbaufl\u00e4che (Has): 79 808&#8243; i_icon_fontawesome=&#8221;fas fa-tractor&#8221; i_color=&#8221;mulled_wine&#8221; i_size=&#8221;xs&#8221; title_align=&#8221;separator_align_left&#8221; align=&#8221;align_left&#8221; color=&#8221;white&#8221; add_icon=&#8221;true&#8221;][vc_text_separator title=&#8221;Produktion (MT): 44692&#8243; i_icon_fontawesome=&#8221;fas fa-chart-line&#8221; i_size=&#8221;xs&#8221; title_align=&#8221;separator_align_left&#8221; align=&#8221;align_left&#8221; color=&#8221;white&#8221; add_icon=&#8221;true&#8221;][vc_text_separator title=&#8221;Sorten:Caturra, typica und catimor&#8221; i_icon_fontawesome=&#8221;fas fa-seedling&#8221; i_color=&#8221;vista_blue&#8221; i_size=&#8221;xs&#8221; title_align=&#8221;separator_align_left&#8221; align=&#8221;align_left&#8221; color=&#8221;white&#8221; add_icon=&#8221;true&#8221; css=&#8221;.vc_custom_1671259450499{margin-bottom: -100px !important;}&#8221;][vc_text_separator title=&#8221;H\u00f6henlage (m.s.n.m):600-1800&#8243; i_icon_fontawesome=&#8221;fas fa-mountain&#8221; i_color=&#8221;green&#8221; i_size=&#8221;xs&#8221; title_align=&#8221;separator_align_left&#8221; align=&#8221;align_left&#8221; color=&#8221;white&#8221; add_icon=&#8221;true&#8221;][vc_text_separator title=&#8221;Haupternte: M\u00e4rz-August&#8221; i_icon_fontawesome=&#8221;fas fa-mountain&#8221; i_size=&#8221;xs&#8221; title_align=&#8221;separator_align_left&#8221; align=&#8221;align_left&#8221; color=&#8221;white&#8221; add_icon=&#8221;true&#8221;][\/vc_column_inner][vc_column_inner width=&#8221;1\/6&#8243; css=&#8221;.vc_custom_1671039583393{margin-left: 200px !important;}&#8221;][\/vc_column_inner][vc_column_inner width=&#8221;1\/3&#8243;][vc_single_image image=&#8221;1980&#8243; img_size=&#8221;large&#8221; alignment=&#8221;center&#8221; css=&#8221;.vc_custom_1671089414564{margin-left: -300px !important;}&#8221;][\/vc_column_inner][\/vc_row_inner][\/vc_tta_section][vc_tta_section title=&#8221;Pasco&#8221; tab_id=&#8221;1671088936865-8c37a82a-3863&#8243;][vc_row_inner][vc_column_inner width=&#8221;5\/6&#8243;][vc_column_text]<\/p>\n<p style=\"text-align: justify;\">Pasco liegt an den Osth\u00e4ngen und im zentralen Teil der Anden. Sie grenzt im Norden an Hu\u00e1nuco, im S\u00fcden an Jun\u00edn, im Osten an Ucayali und im Westen an Lima. Politisch ist die Region in drei Provinzen unterteilt. Die Hauptstadt ist die Stadt Cerro de Pasco. Der Kaffee wird fast ausschlie\u00dflich in der Provinz Oxapampa angebaut. Pasco hat zwei nat\u00fcrliche Regionen: Berge und Dschungel. Letzteres ist die Heimat der Kaffeeanbaugebiete, wo die H\u00f6henlage zwischen 900 und 2000 Metern liegt. Das Klima ist in den T\u00e4lern gem\u00e4\u00dfigt und in den Schluchten warm. Aufgrund der unterschiedlichen H\u00f6henlagen weist die Region eine gro\u00dfe Vielfalt an Klimazonen und phytogeografischen Landschaften auf.<\/p>\n<p>[\/vc_column_text][\/vc_column_inner][vc_column_inner width=&#8221;1\/6&#8243;][\/vc_column_inner][\/vc_row_inner][vc_row_inner][vc_column_inner width=&#8221;1\/2&#8243;][vc_text_separator title=&#8221;Standort: Mitte&#8221; i_icon_fontawesome=&#8221;fas fa-map-marker-alt&#8221; i_color=&#8221;mulled_wine&#8221; i_size=&#8221;xs&#8221; title_align=&#8221;separator_align_left&#8221; align=&#8221;align_left&#8221; color=&#8221;white&#8221; add_icon=&#8221;true&#8221; css=&#8221;.vc_custom_1680102153972{margin-bottom: -100px !important;}&#8221;][vc_text_separator title=&#8221;Anbaufl\u00e4che (Has): 10 794&#8243; i_icon_fontawesome=&#8221;fas fa-tractor&#8221; i_color=&#8221;mulled_wine&#8221; i_size=&#8221;xs&#8221; title_align=&#8221;separator_align_left&#8221; align=&#8221;align_left&#8221; color=&#8221;white&#8221; add_icon=&#8221;true&#8221;][vc_text_separator title=&#8221;Produktion (MT):10 094&#8243; i_icon_fontawesome=&#8221;fas fa-chart-line&#8221; i_size=&#8221;xs&#8221; title_align=&#8221;separator_align_left&#8221; align=&#8221;align_left&#8221; color=&#8221;white&#8221; add_icon=&#8221;true&#8221;][vc_text_separator title=&#8221;Sorten:Caturra, catimor und typica&#8221; i_icon_fontawesome=&#8221;fas fa-seedling&#8221; i_color=&#8221;vista_blue&#8221; i_size=&#8221;xs&#8221; title_align=&#8221;separator_align_left&#8221; align=&#8221;align_left&#8221; color=&#8221;white&#8221; add_icon=&#8221;true&#8221; css=&#8221;.vc_custom_1671259523081{margin-bottom: -100px !important;}&#8221;][vc_text_separator title=&#8221;H\u00f6henlage (m.s.n.m.):1000-2000&#8243; i_icon_fontawesome=&#8221;fas fa-mountain&#8221; i_color=&#8221;green&#8221; i_size=&#8221;xs&#8221; title_align=&#8221;separator_align_left&#8221; align=&#8221;align_left&#8221; color=&#8221;white&#8221; add_icon=&#8221;true&#8221;][vc_text_separator title=&#8221;Haupternte: April-August&#8221; i_icon_fontawesome=&#8221;fas fa-mountain&#8221; i_size=&#8221;xs&#8221; title_align=&#8221;separator_align_left&#8221; align=&#8221;align_left&#8221; color=&#8221;white&#8221; add_icon=&#8221;true&#8221;][\/vc_column_inner][vc_column_inner width=&#8221;1\/6&#8243; css=&#8221;.vc_custom_1671039583393{margin-left: 200px !important;}&#8221;][\/vc_column_inner][vc_column_inner width=&#8221;1\/3&#8243;][vc_single_image image=&#8221;1984&#8243; img_size=&#8221;large&#8221; alignment=&#8221;center&#8221; css=&#8221;.vc_custom_1671089389431{margin-left: -300px !important;}&#8221;][\/vc_column_inner][\/vc_row_inner][\/vc_tta_section][vc_tta_section title=&#8221;Piura&#8221; tab_id=&#8221;1671088952530-e80ec96f-ad86&#8243;][vc_row_inner][vc_column_inner width=&#8221;5\/6&#8243;][vc_column_text]<\/p>\n<div class=\"descripcionRegion\">\n<p data-sr-id=\"32\">Piura befindet sich im Nordosten des Landes. Es grenzt im Norden an Tumbes und die Republik Ecuador, im Osten an Cajamarca und Ecuador, im S\u00fcden an Lambayeque und im Westen an den Pazifischen Ozean. Politisch ist die Region in acht Provinzen unterteilt. Seine Hauptstadt ist die Stadt Piura. Der Kaffee wird fast ausschlie\u00dflich in der Provinz Huancabamba angebaut. Piura hat zwei nat\u00fcrliche Regionen: die K\u00fcste und die semitropischen (halbtrockenen) Zwischent\u00e4ler der Anden. In den halbtropischen T\u00e4lern befinden sich die Kaffeeanbaugebiete, deren H\u00f6henlage zwischen 900 und 2000 Metern liegt. Das Klima ist semi-tropisch (halbtrocken). Das Relief ist etwas zerkl\u00fcftet.<\/p>\n<\/div>\n<h3 class=\"subTitulos\" data-sr-id=\"29\">Eigenschaften<\/h3>\n<p>[\/vc_column_text][\/vc_column_inner][vc_column_inner width=&#8221;1\/6&#8243;][\/vc_column_inner][\/vc_row_inner][vc_row_inner][vc_column_inner width=&#8221;1\/2&#8243;][vc_text_separator title=&#8221;Standort: Nordwest&#8221; i_icon_fontawesome=&#8221;fas fa-map-marker-alt&#8221; i_color=&#8221;mulled_wine&#8221; i_size=&#8221;xs&#8221; title_align=&#8221;separator_align_left&#8221; align=&#8221;align_left&#8221; color=&#8221;white&#8221; add_icon=&#8221;true&#8221; css=&#8221;.vc_custom_1679991254094{margin-bottom: -100px !important;}&#8221;][vc_text_separator title=&#8221;Anbaufl\u00e4che (Has):7979&#8243; i_icon_fontawesome=&#8221;fas fa-tractor&#8221; i_color=&#8221;mulled_wine&#8221; i_size=&#8221;xs&#8221; title_align=&#8221;separator_align_left&#8221; align=&#8221;align_left&#8221; color=&#8221;white&#8221; add_icon=&#8221;true&#8221;][vc_text_separator title=&#8221;Produktion (MT):3044&#8243; i_icon_fontawesome=&#8221;fas fa-chart-line&#8221; i_size=&#8221;xs&#8221; title_align=&#8221;separator_align_left&#8221; align=&#8221;align_left&#8221; color=&#8221;white&#8221; add_icon=&#8221;true&#8221;][vc_text_separator title=&#8221;Sorten:Typica, caturra und catimor&#8221; i_icon_fontawesome=&#8221;fas fa-seedling&#8221; i_color=&#8221;vista_blue&#8221; i_size=&#8221;xs&#8221; title_align=&#8221;separator_align_left&#8221; align=&#8221;align_left&#8221; color=&#8221;white&#8221; add_icon=&#8221;true&#8221; css=&#8221;.vc_custom_1671259591987{margin-bottom: -100px !important;}&#8221;][vc_text_separator title=&#8221;H\u00f6henlage (m.s.n.m.):800-2000&#8243; i_icon_fontawesome=&#8221;fas fa-mountain&#8221; i_color=&#8221;green&#8221; i_size=&#8221;xs&#8221; title_align=&#8221;separator_align_left&#8221; align=&#8221;align_left&#8221; color=&#8221;white&#8221; add_icon=&#8221;true&#8221;][vc_text_separator title=&#8221;Haupternte: Mai-August&#8221; i_icon_fontawesome=&#8221;fas fa-mountain&#8221; i_size=&#8221;xs&#8221; title_align=&#8221;separator_align_left&#8221; align=&#8221;align_left&#8221; color=&#8221;white&#8221; add_icon=&#8221;true&#8221;][\/vc_column_inner][vc_column_inner width=&#8221;1\/6&#8243; css=&#8221;.vc_custom_1671039583393{margin-left: 200px !important;}&#8221;][\/vc_column_inner][vc_column_inner width=&#8221;1\/3&#8243;][vc_single_image image=&#8221;1988&#8243; img_size=&#8221;large&#8221; alignment=&#8221;center&#8221; css=&#8221;.vc_custom_1671089368141{margin-left: -300px !important;}&#8221;][\/vc_column_inner][\/vc_row_inner][\/vc_tta_section][vc_tta_section title=&#8221;San Mart\u00edn&#8221; tab_id=&#8221;1671089017221-24e3c178-b44e&#8221;][vc_row_inner][vc_column_inner width=&#8221;5\/6&#8243;][vc_column_text]<\/p>\n<p style=\"text-align: justify;\">San Mart\u00edn befindet sich im n\u00f6rdlichen und \u00f6stlichen Teil des Landes. Sie grenzt im Norden an den Amazonas, im S\u00fcden an Hu\u00e1nuco, im Osten an Loreto und im Westen an La Libertad. Politisch ist es in zehn Provinzen unterteilt. Seine Hauptstadt ist die Stadt Moyobamba. Sein Kaffee wird fast ausschlie\u00dflich in drei Provinzen angebaut. San Mart\u00edn hat zwei nat\u00fcrliche Regionen: Berge und Dschungel. Letzteres ist die Heimat der Kaffeeanbaugebiete, wo die H\u00f6henlage zwischen 900 und 1200 Metern liegt. Sie grenzt an die \u00f6stlichen Ausl\u00e4ufer der Anden und hat daher wenig H\u00f6henunterschiede. Seine h\u00f6chsten Gipfel sind nicht h\u00f6her als 3000 Meter. Es herrschen tropische und subtropische Klimazonen vor.<\/p>\n<p>[\/vc_column_text][\/vc_column_inner][vc_column_inner width=&#8221;1\/6&#8243;][\/vc_column_inner][\/vc_row_inner][vc_row_inner][vc_column_inner width=&#8221;1\/2&#8243;][vc_text_separator title=&#8221;Standort: Norden&#8221; i_icon_fontawesome=&#8221;fas fa-map-marker-alt&#8221; i_color=&#8221;mulled_wine&#8221; i_size=&#8221;xs&#8221; title_align=&#8221;separator_align_left&#8221; align=&#8221;align_left&#8221; color=&#8221;white&#8221; add_icon=&#8221;true&#8221; css=&#8221;.vc_custom_1679991282560{margin-bottom: -100px !important;}&#8221;][vc_text_separator title=&#8221;Anbaufl\u00e4che (Has): 87163&#8243; i_icon_fontawesome=&#8221;fas fa-tractor&#8221; i_color=&#8221;mulled_wine&#8221; i_size=&#8221;xs&#8221; title_align=&#8221;separator_align_left&#8221; align=&#8221;align_left&#8221; color=&#8221;white&#8221; add_icon=&#8221;true&#8221;][vc_text_separator title=&#8221;Produktion (MT): 82319&#8243; i_icon_fontawesome=&#8221;fas fa-chart-line&#8221; i_size=&#8221;xs&#8221; title_align=&#8221;separator_align_left&#8221; align=&#8221;align_left&#8221; color=&#8221;white&#8221; add_icon=&#8221;true&#8221;][vc_text_separator title=&#8221;Sorten:Caturra, typica und catimor&#8221; i_icon_fontawesome=&#8221;fas fa-seedling&#8221; i_color=&#8221;vista_blue&#8221; i_size=&#8221;xs&#8221; title_align=&#8221;separator_align_left&#8221; align=&#8221;align_left&#8221; color=&#8221;white&#8221; add_icon=&#8221;true&#8221; css=&#8221;.vc_custom_1671088577797{margin-bottom: -100px !important;}&#8221;][vc_text_separator title=&#8221;H\u00f6henlage (m.s.n.m.):500-1200&#8243; i_icon_fontawesome=&#8221;fas fa-mountain&#8221; i_color=&#8221;green&#8221; i_size=&#8221;xs&#8221; title_align=&#8221;separator_align_left&#8221; align=&#8221;align_left&#8221; color=&#8221;white&#8221; add_icon=&#8221;true&#8221;][vc_text_separator title=&#8221;Haupternte: M\u00e4rz-Augus&#8221; i_icon_fontawesome=&#8221;fas fa-mountain&#8221; i_size=&#8221;xs&#8221; title_align=&#8221;separator_align_left&#8221; align=&#8221;align_left&#8221; color=&#8221;white&#8221; add_icon=&#8221;true&#8221;][\/vc_column_inner][vc_column_inner width=&#8221;1\/6&#8243; css=&#8221;.vc_custom_1671039583393{margin-left: 200px !important;}&#8221;][\/vc_column_inner][vc_column_inner width=&#8221;1\/3&#8243;][vc_single_image image=&#8221;1996&#8243; img_size=&#8221;large&#8221; alignment=&#8221;center&#8221; css=&#8221;.vc_custom_1671089276713{margin-left: -300px !important;}&#8221;][\/vc_column_inner][\/vc_row_inner][\/vc_tta_section][vc_tta_section title=&#8221;Ayacucho&#8221; tab_id=&#8221;1671089053146-f5875dcb-5ca0&#8243;][vc_row_inner][vc_column_inner width=&#8221;5\/6&#8243;][vc_column_text]<\/p>\n<p style=\"text-align: justify;\">Ayacucho befindet sich im s\u00fcdlichen und zentralen Teil der Anden. Sie grenzt im Norden an Jun\u00edn, im Nordwesten an Huancavelica, im Westen an Ica, im S\u00fcden an Arequipa, im Osten an Apur\u00edmac und im Nordosten an Cusco. Politisch ist die Region in elf Provinzen unterteilt. Die Hauptstadt ist die Stadt Cusco. Ihr Kaffee w\u00e4chst fast ausschlie\u00dflich in den Provinzen La Mar und Huanta. Ayacucho hat zwei nat\u00fcrliche Regionen: Berge und Dschungel. Letzteres ist die Heimat der Kaffeeanbaugebiete, wo die H\u00f6henlage zwischen 900 und 1600 Metern liegt. Das Klima im Dschungelgebiet ist tropisch. Aufgrund der unterschiedlichen H\u00f6henlagen verf\u00fcgt die Region \u00fcber eine gro\u00dfe Vielfalt an Klimazonen und phytogeografischen Landschaften.<\/p>\n<p>[\/vc_column_text][\/vc_column_inner][vc_column_inner width=&#8221;1\/6&#8243;][\/vc_column_inner][\/vc_row_inner][vc_row_inner][vc_column_inner width=&#8221;1\/2&#8243;][vc_text_separator title=&#8221;Standort: S\u00fcd&#8221; i_icon_fontawesome=&#8221;fas fa-map-marker-alt&#8221; i_color=&#8221;mulled_wine&#8221; i_size=&#8221;xs&#8221; title_align=&#8221;separator_align_left&#8221; align=&#8221;align_left&#8221; color=&#8221;white&#8221; add_icon=&#8221;true&#8221; css=&#8221;.vc_custom_1679992125214{margin-bottom: -100px !important;}&#8221;][vc_text_separator title=&#8221;Anbaufl\u00e4che (Has): 5866&#8243; i_icon_fontawesome=&#8221;fas fa-tractor&#8221; i_color=&#8221;mulled_wine&#8221; i_size=&#8221;xs&#8221; title_align=&#8221;separator_align_left&#8221; align=&#8221;align_left&#8221; color=&#8221;white&#8221; add_icon=&#8221;true&#8221;][vc_text_separator title=&#8221;Produktion (MT): 3875&#8243; i_icon_fontawesome=&#8221;fas fa-chart-line&#8221; i_size=&#8221;xs&#8221; title_align=&#8221;separator_align_left&#8221; align=&#8221;align_left&#8221; color=&#8221;white&#8221; add_icon=&#8221;true&#8221;][vc_text_separator title=&#8221;Sorten:Caturra, typica und catimor&#8221; i_icon_fontawesome=&#8221;fas fa-seedling&#8221; i_color=&#8221;vista_blue&#8221; i_size=&#8221;xs&#8221; title_align=&#8221;separator_align_left&#8221; align=&#8221;align_left&#8221; color=&#8221;white&#8221; add_icon=&#8221;true&#8221; css=&#8221;.vc_custom_1671088577797{margin-bottom: -100px !important;}&#8221;][vc_text_separator title=&#8221;H\u00f6henlage (m.s.n.m.):600-1600&#8243; i_icon_fontawesome=&#8221;fas fa-mountain&#8221; i_color=&#8221;green&#8221; i_size=&#8221;xs&#8221; title_align=&#8221;separator_align_left&#8221; align=&#8221;align_left&#8221; color=&#8221;white&#8221; add_icon=&#8221;true&#8221;][vc_text_separator title=&#8221;Haupternte: April-Juli&#8221; i_icon_fontawesome=&#8221;fas fa-mountain&#8221; i_size=&#8221;xs&#8221; title_align=&#8221;separator_align_left&#8221; align=&#8221;align_left&#8221; color=&#8221;white&#8221; add_icon=&#8221;true&#8221;][\/vc_column_inner][vc_column_inner width=&#8221;1\/6&#8243; css=&#8221;.vc_custom_1671039583393{margin-left: 200px !important;}&#8221;][\/vc_column_inner][vc_column_inner width=&#8221;1\/3&#8243;][vc_single_image image=&#8221;1968&#8243; img_size=&#8221;large&#8221; alignment=&#8221;center&#8221; css=&#8221;.vc_custom_1671089224522{margin-left: -300px !important;}&#8221;][\/vc_column_inner][\/vc_row_inner][\/vc_tta_section][\/vc_tta_tabs][\/vc_column][\/vc_row][vc_row][vc_column width=&#8221;1\/2&#8243;][vc_custom_heading text=&#8221;Spezialit\u00e4tenkaffee Peru&#8221; font_container=&#8221;tag:h3|font_size:25|text_align:left&#8221; google_fonts=&#8221;font_family:Cuprum%3Aregular%2Citalic%2C700%2C700italic|font_style:700%20bold%20regular%3A700%3Anormal&#8221;][vc_empty_space][vc_column_text]<\/p>\n<p style=\"text-align: justify;\"><span style=\"font-size: 14pt;\">Denken Sie daran, morgens eine frisch gebr\u00fchte Tasse zu genie\u00dfen, w\u00e4hrend Sie mit Gletschern bedeckte Berge, dichte Regenw\u00e4lder oder beides sehen. Eines der wenigen Gebiete, in denen Sie dies mit lokal produziertem, frisch ger\u00f6stetem Kaffee erreichen k\u00f6nnen, ist Peru. Peruanischer Kaffee, mittlerweile einer der Top-Ten-Erzeuger dieser Bohne weltweit, beginnt das Interesse weiterer internationaler Spezialit\u00e4tenr\u00f6ster zu wecken.<\/span><\/p>\n<p>[\/vc_column_text][\/vc_column][vc_column width=&#8221;1\/2&#8243;][vc_single_image image=&#8221;2089&#8243; img_size=&#8221;&#8221;][\/vc_column][\/vc_row]<\/p>\n","protected":false},"excerpt":{"rendered":"<p>[vc_row css=&#8221;.vc_custom_1673401101102{margin-top: 150px !important;}&#8221;][vc_column][vc_custom_heading text=&#8221;ANDERE HERKUNFT&#8221; font_container=&#8221;tag:h3|text_align:center&#8221; google_fonts=&#8221;font_family:Cuprum%3Aregular%2Citalic%2C700%2C700italic|font_style:700%20bold%20regular%3A700%3Anormal&#8221;][vc_column_text] Die Pr\u00e4senz von Caricafe in Peru hat im Laufe der Jahre unsere Reichweite auf dem Markt f\u00fcr hochwertigen Kaffee erh\u00f6ht, und zusammen mit Top-Lieferanten ist es unser Ziel, unser wettbewerbsf\u00e4higes Gesch\u00e4ftsmodell zu st\u00e4rken. [\/vc_column_text][\/vc_column][\/vc_row][vc_row][vc_column][vc_tta_tabs color=&#8221;vista-blue&#8221; active_section=&#8221;1&#8243;][vc_tta_section title=&#8221;Amazonas&#8221; tab_id=&#8221;1671032495828-a839c704-0051&#8243;][vc_row_inner][vc_column_inner width=&#8221;5\/6&#8243;][vc_column_text] Der Amazonas befindet sich im Nordosten des Landes. [&hellip;]<\/p>\n","protected":false},"author":1,"featured_media":0,"parent":0,"menu_order":0,"comment_status":"closed","ping_status":"closed","template":"page-templates\/page-fullwidth.php","meta":{"footnotes":""},"class_list":["post-2047","page","type-page","status-publish","hentry"],"_links":{"self":[{"href":"https:\/\/caricafellc.com\/de\/wp-json\/wp\/v2\/pages\/2047","targetHints":{"allow":["GET"]}}],"collection":[{"href":"https:\/\/caricafellc.com\/de\/wp-json\/wp\/v2\/pages"}],"about":[{"href":"https:\/\/caricafellc.com\/de\/wp-json\/wp\/v2\/types\/page"}],"author":[{"embeddable":true,"href":"https:\/\/caricafellc.com\/de\/wp-json\/wp\/v2\/users\/1"}],"replies":[{"embeddable":true,"href":"https:\/\/caricafellc.com\/de\/wp-json\/wp\/v2\/comments?post=2047"}],"version-history":[{"count":33,"href":"https:\/\/caricafellc.com\/de\/wp-json\/wp\/v2\/pages\/2047\/revisions"}],"predecessor-version":[{"id":2708,"href":"https:\/\/caricafellc.com\/de\/wp-json\/wp\/v2\/pages\/2047\/revisions\/2708"}],"wp:attachment":[{"href":"https:\/\/caricafellc.com\/de\/wp-json\/wp\/v2\/media?parent=2047"}],"curies":[{"name":"wp","href":"https:\/\/api.w.org\/{rel}","templated":true}]}}